{"id":39,"date":"2022-12-02T08:32:38","date_gmt":"2022-12-02T08:32:38","guid":{"rendered":"https:\/\/www.siltakylanviljelijat.com\/?page_id=39"},"modified":"2025-07-30T15:43:21","modified_gmt":"2025-07-30T15:43:21","slug":"tietosuojaseloste","status":"publish","type":"page","link":"https:\/\/www.siltakylanviljelijat.com\/?page_id=39","title":{"rendered":"Tietosuojaseloste"},"content":{"rendered":"<p><span style=\"font-family: Liberation Sans, serif;\"><span style=\"font-size: large;\">Siltakyl\u00e4n viljelij\u00e4t ry tietosuojaseloste<\/span><\/span><\/p>\n<p><span style=\"font-family: Times New Roman, serif;\"><span style=\"font-size: medium;\"><span style=\"font-family: Calibri, serif;\"><span style=\"font-size: small;\"><b>Rekisterinpit\u00e4j\u00e4ll\u00e4 on velvollisuus informoida selke\u00e4ll\u00e4 tavalla rekister\u00f6ityj\u00e4. <\/b><\/span><\/span><\/span><\/span><\/p>\n<p><span style=\"font-family: Times New Roman, serif;\"><span style=\"font-size: medium;\"><span style=\"font-family: Calibri, serif;\"><span style=\"font-size: small;\"><b>T\u00e4m\u00e4 seloste t\u00e4ytt\u00e4\u00e4 tietosuoja-asetuksen mukaisen informointivelvoitteen.<\/b><\/span><\/span><\/span><\/span><\/p>\n<p><span style=\"font-family: Times New Roman, serif;\"><span style=\"font-size: medium;\"><b><\/b><span style=\"color: #00000a;\"><b>1.Rekisterinpit\u00e4j\u00e4<\/b><\/span><\/span><\/span><\/p>\n<p><span style=\"font-family: Times New Roman, serif;\"><span style=\"font-size: medium;\"><span style=\"color: #00000a;\">Yrityksen nimi<\/span><span style=\"color: #00000a;\">: Siltakyl\u00e4n viljelij\u00e4t ry <\/span><\/span><\/span><\/p>\n<p><span style=\"font-family: Times New Roman, serif;\"><span style=\"font-size: medium;\"><span style=\"color: #00000a;\">y-tunnus: 3212089-1<\/span><\/span><\/span><\/p>\n<p><span style=\"font-family: Times New Roman, serif;\"><span style=\"font-size: medium;\"><span style=\"color: #00000a;\">Yhteystiedot:<\/span><span style=\"color: #00000a;\">\u00a0<\/span><span style=\"color: #00000a;\"><br \/>\n<\/span><span style=\"color: #00000a;\"><span style=\"font-family: Calibri, sans-serif;\">Osoite<\/span><\/span><span style=\"color: #00000a;\"><span style=\"font-family: Calibri, sans-serif;\">: <\/span><\/span><\/span><br \/>\n<\/span><\/p>\n<p><span style=\"font-family: Times New Roman, serif;\"><span style=\"font-size: medium;\"><span style=\"color: #00000a;\"><b><br \/>\nYhteystiedot rekisteri\u00e4 koskevissa asioissa<\/b><\/span><\/span><\/span><\/p>\n<p><span style=\"font-family: Times New Roman, serif;\"><span style=\"font-size: medium;\"><span style=\"color: #00000a;\">Yrityksen \/ henkil\u00f6n nimi<\/span><span style=\"color: #00000a;\">:\u00a0<\/span><span style=\"color: #00000a;\"><br \/>\n<\/span><span style=\"color: #00000a;\">osoite<\/span><span style=\"color: #00000a;\">: <\/span><span style=\"color: #00000a;\"><br \/>\n<\/span><span style=\"color: #00000a;\">postinumero\u00a0toimipaikka<\/span><span style=\"color: #00000a;\">: <\/span><span style=\"color: #00000a;\"><br \/>\n<\/span><span style=\"color: #00000a;\">puhelinnumero<\/span><span style=\"color: #00000a;\">:\u00a0<\/span><span style=\"color: #00000a;\"><br \/>\n<\/span><span style=\"color: #00000a;\">s\u00e4hk\u00f6posti<\/span><span style=\"color: #00000a;\">:\u00a0\u00a0<\/span><\/span><\/span><\/p>\n<p><span style=\"font-family: Times New Roman, serif;\"><span style=\"font-size: medium;\"><span style=\"color: #00000a;\">Tapauksen mukaan mahdollisen tietosuojavastaavan yhteystiedot:<\/span><\/span><\/span><\/p>\n<p><span style=\"font-family: Times New Roman, serif;\"><span style=\"font-size: medium;\"><span style=\"color: #00000a;\"><b>Tietosuojavastaava<\/b><\/span><\/span><\/span><\/p>\n<p><span style=\"font-family: Times New Roman, serif;\"><span style=\"font-size: medium;\"><span style=\"color: #00000a;\">Yrityksen \/ henkil\u00f6n nimi<\/span><span style=\"color: #00000a;\">:\u00a0<\/span><span style=\"color: #00000a;\"><br \/>\n<\/span><span style=\"color: #00000a;\">osoite<\/span><span style=\"color: #00000a;\">: <\/span><\/span><\/span><span style=\"font-family: Times New Roman, serif;\"><span style=\"font-size: medium;\"><span style=\"color: #00000a;\"><br \/>\n<\/span><span style=\"color: #00000a;\">postinumero\u00a0toimipaikka<\/span><span style=\"color: #00000a;\">: <\/span><span style=\"color: #00000a;\"><br \/>\n<\/span><span style=\"color: #00000a;\">puhelinnumero<\/span><span style=\"color: #00000a;\">:\u00a0<\/span><span style=\"color: #00000a;\"><br \/>\n<\/span><span style=\"color: #00000a;\">s\u00e4hk\u00f6posti<\/span><span style=\"color: #00000a;\">:\u00a0<\/span><\/span><\/span><\/p>\n<p><span style=\"font-family: Times New Roman, serif;\"><span style=\"font-size: medium;\"><span style=\"font-family: Calibri, serif;\"><span style=\"font-size: large;\"><b>2. Rekister\u00f6idyt<\/b><\/span><\/span><span style=\"font-family: Calibri, serif;\"><span style=\"font-size: large;\"><br \/>\n<\/span><\/span><\/span><\/span><\/p>\n<ul>\n<li><span style=\"font-family: Times New Roman, serif;\"><span style=\"font-size: medium;\"><span style=\"color: #00000a;\"><span style=\"font-family: Calibri, serif;\"><span style=\"font-size: small;\">Rekisteriin rekister\u00f6id\u00e4\u00e4n yhdistyksen j\u00e4senet ja jonotuslistalle j\u00e4senyydest\u00e4 kiinnostuneet . Lis\u00e4ksi rekister\u00f6id\u00e4\u00e4n yhdistyksen yhteisty\u00f6kumppaneita. <\/span><\/span><\/span><\/span><\/span><\/li>\n<\/ul>\n<p><a name=\"_GoBack\"><\/a> <span style=\"font-family: Times New Roman, serif;\"><span style=\"font-size: medium;\"><span style=\"font-family: Calibri, serif;\"><span style=\"font-size: large;\"><b>3. Henkil\u00f6tietojen k\u00e4ytt\u00f6tarkoitus<\/b><\/span><\/span><\/span><\/span><\/p>\n<p><span style=\"font-family: Times New Roman, serif;\"><span style=\"font-size: medium;\"><span style=\"font-family: Calibri, serif;\"><span style=\"font-size: small;\"><br \/>\n<\/span><\/span><span style=\"font-family: Calibri, serif;\"><span style=\"font-size: small;\">Rekisterin pit\u00e4misen peruste<\/span><\/span><\/span><\/span><\/p>\n<ul>\n<li><span style=\"font-family: Times New Roman, serif;\"><span style=\"font-size: medium;\"><span style=\"font-family: Calibri, serif;\"><span style=\"font-size: small;\">Henkil\u00f6tietoja k\u00e4sitell\u00e4\u00e4n voimassaolevan j\u00e4senyyden perusteella<\/span><\/span><\/span><\/span><\/li>\n<li><span style=\"font-family: Times New Roman, serif;\"><span style=\"font-size: medium;\"><span style=\"font-family: Calibri, serif;\"><span style=\"font-size: small;\">Henkil\u00f6tietoja k\u00e4sitell\u00e4\u00e4n voimassaolevan hallituksen j\u00e4senyyden ja mahdollisen ty\u00f6suhteen perusteella<\/span><\/span><\/span><\/span><\/li>\n<li><span style=\"font-family: Times New Roman, serif;\"><span style=\"font-size: medium;\"><span style=\"font-family: Calibri, serif;\"><span style=\"font-size: small;\">Henkil\u00f6tietoja k\u00e4sitell\u00e4\u00e4n voimassaolevan asiakassuhteen tai yhteisty\u00f6kumppanuuden perusteella<\/span><\/span><\/span><\/span><\/li>\n<li><span style=\"font-family: Times New Roman, serif;\"><span style=\"font-size: medium;\"><span style=\"font-family: Calibri, serif;\"><span style=\"font-size: small;\">Potentiaalisten yhteisty\u00f6kumppanien ja tulevien j\u00e4senten henkil\u00f6tietoja k\u00e4sitell\u00e4\u00e4n suostumuksen perusteella (suostumus on saatu s\u00e4hk\u00f6postitse tai muulla tavoin kirjallisena)<\/span><\/span><\/span><\/span><\/li>\n<\/ul>\n<p><span style=\"font-family: Times New Roman, serif;\"><span style=\"font-size: medium;\"><span style=\"font-family: Calibri, serif;\"><span style=\"font-size: small;\"><b>\u00a0<\/b><\/span><\/span><\/span><\/span><\/p>\n<p><span style=\"font-family: Times New Roman, serif;\"><span style=\"font-size: medium;\"><span style=\"font-family: Calibri, serif;\"><span style=\"font-size: small;\"><b>Henkil\u00f6tietojen k\u00e4sittelyn ja rekisterin k\u00e4ytt\u00f6tarkoitus<\/b><\/span><\/span><\/span><\/span><\/p>\n<p><span style=\"font-family: Times New Roman, serif;\"><span style=\"font-size: medium;\"><span style=\"font-family: Calibri, serif;\"><span style=\"font-size: small;\"><br \/>\nHenkil\u00f6tietoja k\u00e4sitell\u00e4\u00e4n vain ennalta m\u00e4\u00e4riteltyihin tarkoituksiin, jotka ovat seuraavat:<\/span><\/span><\/span><\/span><\/p>\n<ul>\n<li><span style=\"font-family: Times New Roman, serif;\"><span style=\"font-size: medium;\"><span style=\"font-family: Calibri, serif;\"><span style=\"font-size: small;\">J\u00e4senyyden toteutumiseen vaadittu tietojen k\u00e4sittely ja rekister\u00f6inti<\/span><\/span><\/span><\/span><\/li>\n<li><span style=\"font-family: Times New Roman, serif;\"><span style=\"font-size: medium;\"><span style=\"font-family: Calibri, serif;\"><span style=\"font-size: small;\">Yhdistyksen palkollisten sek\u00e4 hallituksen j\u00e4senten ty\u00f6suhteen \/ palkkion maksamiseen toteutumiseen vaadittu tietojen k\u00e4sittely ja rekister\u00f6inti<\/span><\/span><\/span><\/span><\/li>\n<li><span style=\"font-family: Times New Roman, serif;\"><span style=\"font-size: medium;\"><span style=\"font-family: Calibri, serif;\"><span style=\"font-size: small;\">Yhdistyksen j\u00e4senyydest\u00e4 ja palveluista kertominen<\/span><\/span><\/span><\/span><\/li>\n<\/ul>\n<p><span style=\"font-family: Times New Roman, serif;\"><span style=\"font-size: medium;\"><span style=\"font-family: Calibri, serif;\"><span style=\"font-size: large;\"><b>4. Rekisteriin tallennettavat henkil\u00f6tiedot<\/b><\/span><\/span><\/span><\/span><\/p>\n<p><span style=\"font-family: Times New Roman, serif;\"><span style=\"font-size: medium;\"><span style=\"font-family: Calibri, serif;\"><span style=\"font-size: small;\"><br \/>\nYhdistyksenrekisteri sis\u00e4lt\u00e4\u00e4 seuraavia tietoja<\/span><\/span><span style=\"font-family: Calibri, serif;\"><span style=\"font-size: small;\">:<\/span><\/span><\/span><\/span><\/p>\n<p><span style=\"font-family: Times New Roman, serif;\"><span style=\"font-size: medium;\"><span style=\"font-family: Calibri, serif;\"><span style=\"font-size: small;\"><br \/>\n<\/span><\/span><span style=\"font-family: Calibri, serif;\"><span style=\"font-size: small;\">Yhteystiedot<\/span><\/span><\/span><\/span><\/p>\n<ul>\n<li><span style=\"font-family: Times New Roman, serif;\"><span style=\"font-size: medium;\"><span style=\"font-family: Calibri, serif;\"><span style=\"font-size: small;\">nimi<\/span><\/span><\/span><\/span><\/li>\n<li><span style=\"font-family: Times New Roman, serif;\"><span style=\"font-size: medium;\"><span style=\"font-family: Calibri, serif;\"><span style=\"font-size: small;\">osoite<\/span><\/span><\/span><\/span><\/li>\n<li><span style=\"font-family: Times New Roman, serif;\"><span style=\"font-size: medium;\"><span style=\"font-family: Calibri, serif;\"><span style=\"font-size: small;\">s\u00e4hk\u00f6posti<\/span><\/span><\/span><\/span><\/li>\n<\/ul>\n<ul>\n<li><span style=\"font-family: Times New Roman, serif;\"><span style=\"font-size: medium;\"><span style=\"font-family: Calibri, serif;\"><span style=\"font-size: small;\">puhelinnumero<\/span><\/span><\/span><\/span><\/li>\n<li><span style=\"font-family: Times New Roman, serif;\"><span style=\"font-size: medium;\"><span style=\"font-family: Calibri, serif;\"><span style=\"font-size: small;\">j\u00e4senen mahdollisen yrityksen tiedot<\/span><\/span><\/span><\/span><\/li>\n<li><span style=\"font-family: Times New Roman, serif;\"><span style=\"font-size: medium;\"><span style=\"font-family: Calibri, serif;\"><span style=\"font-size: small;\">tarvittaessa yhteisty\u00f6kumppanien tai j\u00e4senen tilinumerot <\/span><\/span><\/span><\/span><\/li>\n<\/ul>\n<p><span style=\"font-family: Times New Roman, serif;\"><span style=\"font-size: medium;\"><span style=\"font-family: Calibri, serif;\"><span style=\"font-size: large;\"><b>5. Rekister\u00f6idyn oikeudet<\/b><\/span><\/span><\/span><\/span><\/p>\n<p><span style=\"font-family: Times New Roman, serif;\"><span style=\"font-size: medium;\"><span style=\"font-family: Calibri, serif;\"><span style=\"font-size: small;\"><br \/>\nRekister\u00f6idyll\u00e4 on seuraavat oikeudet, joiden k\u00e4ytt\u00e4mist\u00e4 koskevat pyynn\u00f6t tulee tehd\u00e4 osoitteeseen:<\/span><\/span><\/span><\/span><\/p>\n<p><span style=\"font-family: Times New Roman, serif;\"><span style=\"font-size: medium;\"><span style=\"color: #00000a;\">osoite<\/span><span style=\"color: #00000a;\">: <\/span><span style=\"color: #00000a;\"><br \/>\n<\/span><span style=\"color: #00000a;\">postinumero\u00a0toimipaikka<\/span><span style=\"color: #00000a;\">: <\/span><span style=\"color: #00000a;\"><br \/>\n<\/span><span style=\"color: #00000a;\">puhelinnumero<\/span><span style=\"color: #00000a;\">:\u00a0<\/span><span style=\"color: #00000a;\"><br \/>\n<\/span><span style=\"color: #00000a;\">s\u00e4hk\u00f6posti<\/span><span style=\"color: #00000a;\">:\u00a0\u00a0<\/span><\/span><\/span><\/p>\n<p><span style=\"font-family: Times New Roman, serif;\"><span style=\"font-size: medium;\"><span style=\"font-family: Calibri, serif;\"><span style=\"font-size: small;\"><b>Tarkastusoikeus<\/b><\/span><\/span><\/span><\/span><\/p>\n<p><span style=\"font-family: Times New Roman, serif;\"><span style=\"font-size: medium;\"><span style=\"font-family: Calibri, serif;\"><span style=\"font-size: small;\">Rekister\u00f6ity voi tarkistaa tallentamamme henkil\u00f6tiedot. <\/span><\/span><\/span><\/span><\/p>\n<p><span style=\"font-family: Times New Roman, serif;\"><span style=\"font-size: medium;\"><span style=\"font-family: Calibri, serif;\"><span style=\"font-size: small;\"><b>Oikeus tietojen oikaisemiseen<\/b><\/span><\/span><\/span><\/span><\/p>\n<p><span style=\"font-family: Times New Roman, serif;\"><span style=\"font-size: medium;\"><span style=\"font-family: Calibri, serif;\"><span style=\"font-size: small;\">Rekister\u00f6ity voi pyyt\u00e4\u00e4 oikaisemaan h\u00e4nt\u00e4 koskevat virheelliset tai puutteelliset tiedot.<\/span><\/span><\/span><\/span><\/p>\n<p><span style=\"font-family: Times New Roman, serif;\"><span style=\"font-size: medium;\"><span style=\"font-family: Calibri, serif;\"><span style=\"font-size: small;\"><b><br \/>\nVastustamisoikeus<\/b><\/span><\/span><\/span><\/span><\/p>\n<p><span style=\"font-family: Times New Roman, serif;\"><span style=\"font-size: medium;\"><span style=\"font-family: Calibri, serif;\"><span style=\"font-size: small;\">Rekister\u00f6ity voi vastustaa henkil\u00f6tietojen k\u00e4sittely\u00e4, mik\u00e4li kokee, ett\u00e4 henkil\u00f6tietoja on k\u00e4sitelty lainvastaisesti.<\/span><\/span><\/span><\/span><\/p>\n<p><span style=\"font-family: Times New Roman, serif;\"><span style=\"font-size: medium;\"><span style=\"font-family: Calibri, serif;\"><span style=\"font-size: small;\"><b><br \/>\nSuoramarkkinointikielto<\/b><\/span><\/span><\/span><\/span><\/p>\n<p><span style=\"font-family: Times New Roman, serif;\"><span style=\"font-size: medium;\"><span style=\"font-family: Calibri, serif;\"><span style=\"font-size: small;\">Rekister\u00f6idyll\u00e4 on oikeus kielt\u00e4\u00e4 tietojen k\u00e4ytt\u00e4minen suoramarkkinointiin.<\/span><\/span><\/span><\/span><\/p>\n<p><span style=\"font-family: Times New Roman, serif;\"><span style=\"font-size: medium;\"><span style=\"font-family: Calibri, serif;\"><span style=\"font-size: small;\"><b><br \/>\nPoisto-oikeus<\/b><\/span><\/span><\/span><\/span><\/p>\n<p><span style=\"font-family: Times New Roman, serif;\"><span style=\"font-size: medium;\"><span style=\"font-family: Calibri, serif;\"><span style=\"font-size: small;\">Rekister\u00f6idyll\u00e4 on oikeus pyyt\u00e4\u00e4 tietojen poistamista, jos tietojen k\u00e4sittely ei ole tarpeen. K\u00e4sittelemme poistopyynn\u00f6n, jonka j\u00e4lkeen joko poistamme tiedot\u00a0tai ilmoitamme perustellun syyn, miksi tietoja ei voida poistaa.<\/span><\/span><\/span><\/span><\/p>\n<p><span style=\"font-family: Times New Roman, serif;\"><span style=\"font-size: medium;\"><span style=\"font-family: Calibri, serif;\"><span style=\"font-size: small;\">On huomioitava, ett\u00e4 rekisterinpit\u00e4j\u00e4ll\u00e4 voi olla lakis\u00e4\u00e4teinen tai muu oikeus olla poistamatta pyydetty\u00e4 tietoa. <\/span><\/span><span style=\"font-family: Calibri, serif;\"><span style=\"font-size: small;\">Rekisterinpit\u00e4j\u00e4ll\u00e4 on velvollisuus s\u00e4ilytt\u00e4\u00e4 kirjanpitoaineisto Kirjanpitolaissa (luku 2, 10 \u00a7) m\u00e4\u00e4ritellyn ajan (10 vuotta) mukaisesti. T\u00e4m\u00e4n vuoksi kirjanpitoon liittyv\u00e4\u00e4 aineistoa ei voida poistaa ennen m\u00e4\u00e4r\u00e4ajan umpeutumista.<\/span><\/span><\/span><\/span><\/p>\n<p><span style=\"color: #f9b074;\"><span style=\"color: #00000a;\"><b>Suostumuksen peruuttaminen<\/b><\/span><\/span><\/p>\n<p><span style=\"color: #f9b074;\"><span style=\"color: #00000a;\">Jos rekister\u00f6ity\u00e4 koskeva henkil\u00f6tietojen k\u00e4sittely perustuu ainoastaan suostumukseen, eik\u00e4 esim. asiakkuuteen tai j\u00e4senyyteen, voi rekister\u00f6ity peruuttaa suostumuksen.<\/span><\/span><\/p>\n<p><span style=\"font-family: Times New Roman, serif;\"><span style=\"font-size: medium;\"><span style=\"font-family: Calibri, serif;\"><span style=\"font-size: small;\"><br \/>\n<\/span><\/span><span style=\"font-family: Calibri, serif;\"><span style=\"font-size: small;\"><b>Rekister\u00f6ity voi valittaa p\u00e4\u00e4t\u00f6ksest\u00e4 tietosuojavaltuutetulle<\/b><\/span><\/span><span style=\"font-family: Calibri, serif;\"><span style=\"font-size: small;\"> [linkki:\u00a0<\/span><\/span><a href=\"http:\/\/www.tietosuoja.fi\/fi\/index\/yhteystiedot.html\"><span style=\"color: #0563c1;\"><span style=\"font-family: Calibri, serif;\"><span style=\"font-size: small;\"><u>http:\/\/www.tietosuoja.fi\/fi\/index\/yhteystiedot.html<\/u><\/span><\/span><\/span><\/a><span style=\"font-family: Calibri, serif;\"><span style=\"font-size: small;\">]. Rekister\u00f6idyll\u00e4 on oikeus vaatia, ett\u00e4 rajoitamme kiistanalaisten tietojen k\u00e4sittely\u00e4 siksi aikaa, kunnes asia saadaan ratkaistua.<\/span><\/span> <\/span><\/span><\/p>\n<p><span style=\"font-family: Times New Roman, serif;\"><span style=\"font-size: medium;\"><span style=\"font-family: Calibri, serif;\"><span style=\"font-size: small;\"><b><br \/>\nValitusoikeus<\/b><\/span><\/span><\/span><\/span><\/p>\n<p><span style=\"font-family: Times New Roman, serif;\"><span style=\"font-size: medium;\"><span style=\"font-family: Calibri, serif;\"><span style=\"font-size: small;\">Rekister\u00f6idyll\u00e4 on oikeus tehd\u00e4 valitus tietosuojavaltuutetulle kantelu\u00a0[linkki:\u00a0<\/span><\/span><a href=\"http:\/\/www.tietosuoja.fi\/fi\/index\/yhteystiedot.html\"><span style=\"color: #0563c1;\"><span style=\"font-family: Calibri, serif;\"><span style=\"font-size: small;\"><u>http:\/\/www.tietosuoja.fi\/fi\/index\/yhteystiedot.html<\/u><\/span><\/span><\/span><\/a><span style=\"font-family: Calibri, serif;\"><span style=\"font-size: small;\">], jos\u00a0h\u00e4n kokee,\u00a0ett\u00e4 rikomme henkil\u00f6tietoja\u00a0k\u00e4sitelless\u00e4mme voimassa\u00a0olevaa tietosuojalains\u00e4\u00e4d\u00e4nt\u00f6\u00e4.<\/span><\/span><span style=\"font-family: Calibri, serif;\"><span style=\"font-size: small;\">\u00a0<\/span><\/span><\/span><\/span><\/p>\n<p>&nbsp;<\/p>\n<p><span style=\"font-family: Times New Roman, serif;\"><span style=\"font-size: medium;\"><span style=\"font-family: Calibri, serif;\"><span style=\"font-size: large;\"><b>5. S\u00e4\u00e4nn\u00f6nmukaiset tietol\u00e4hteet<\/b><\/span><\/span><\/span><\/span><\/p>\n<p><span style=\"font-family: Times New Roman, serif;\"><span style=\"font-size: medium;\">Kaikki tieto on ker\u00e4tty suoraan j\u00e4senilt\u00e4,potenttiaalisilta j\u00e4senilt\u00e4 (jonotuslista) tai yhteisty\u00f6kumppaneilta. Mahdollisiin arkaluontoisiin tietoihin kysyt\u00e4\u00e4n erillinen allekirjoitettu suostumus. Kaikki tieto s\u00e4ilytet\u00e4\u00e4n suojattuna eik\u00e4 se ole julkista. Tietoja k\u00e4sittelee ainoastaan niit\u00e4 tarvitsevat tahot eli yhdistyksen hallitus kokonaisuudessaan (hallituksen varsinaiset j\u00e4senet ja varaj\u00e4senet). <\/span><\/span><\/p>\n<p><span style=\"font-family: Times New Roman, serif;\"><span style=\"font-size: medium;\"><span style=\"font-family: Calibri, serif;\"><span style=\"font-size: small;\">Asiakastiedot saadaan s\u00e4\u00e4nn\u00f6nmukaisesti:<\/span><\/span><\/span><\/span><\/p>\n<ul>\n<li><a name=\"__DdeLink__778_803416707\"><\/a> <span style=\"font-family: Times New Roman, serif;\"><span style=\"font-size: medium;\"><span style=\"font-family: Calibri, serif;\"><span style=\"font-size: small;\">J\u00e4senelt\u00e4\/potenttiaaliselta j\u00e4senelt\u00e4\/yhteisty\u00f6kumppanilta\/ty\u00f6suhteessa olevalta kasvottain tapaamisessa<\/span><\/span><\/span><\/span><\/li>\n<li><span style=\"font-family: Times New Roman, serif;\"><span style=\"font-size: medium;\"><span style=\"font-family: Calibri, serif;\"><span style=\"font-size: small;\">J\u00e4senelt\u00e4\/potenttiaaliselta j\u00e4senelt\u00e4\/yhteisty\u00f6kumppanilta\/ty\u00f6suhteessa olevalta<\/span><\/span><span style=\"font-family: Calibri, serif;\"><span style=\"font-size: small;\"> s\u00e4hk\u00f6postitse<\/span><\/span><\/span><\/span><\/li>\n<li><span style=\"font-family: Times New Roman, serif;\"><span style=\"font-size: medium;\"><span style=\"font-family: Calibri, serif;\"><span style=\"font-size: small;\">J\u00e4senelt\u00e4\/potenttiaaliselta j\u00e4senelt\u00e4\/yhteisty\u00f6kumppanilta\/ty\u00f6suhteessa olevalta <\/span><\/span><span style=\"font-family: Calibri, serif;\"><span style=\"font-size: small;\">puhelimitse<\/span><\/span><\/span><\/span><\/li>\n<li><span style=\"font-family: Times New Roman, serif;\"><span style=\"font-size: medium;\"><span style=\"font-family: Calibri, serif;\"><span style=\"font-size: small;\">J\u00e4senelt\u00e4\/potenttiaaliselta j\u00e4senelt\u00e4\/yhteisty\u00f6kumppanilta\/ty\u00f6suhteessa olevalta <\/span><\/span><span style=\"font-family: Calibri, serif;\"><span style=\"font-size: small;\">verkkolomakkeen kautta<\/span><\/span><\/span><\/span><\/li>\n<li><span style=\"font-family: Times New Roman, serif;\"><span style=\"font-size: medium;\"><span style=\"font-family: Calibri, serif;\"><span style=\"font-size: small;\">J\u00e4senelt\u00e4\/potenttiaaliselta j\u00e4senelt\u00e4\/yhteisty\u00f6kumppanilta\/ty\u00f6suhteessa olevalta facebookin kautta<\/span><\/span><\/span><\/span><\/li>\n<\/ul>\n<p><span style=\"font-family: Times New Roman, serif;\"><span style=\"font-size: medium;\"><span style=\"font-family: Calibri, serif;\"><span style=\"font-size: large;\"><b>6. S\u00e4\u00e4nn\u00f6nmukaiset tietojen luovutukset<\/b><\/span><\/span><span style=\"font-family: Calibri, serif;\"><span style=\"font-size: large;\"><br \/>\n<\/span><\/span><\/span><\/span><\/p>\n<p><a name=\"__DdeLink__1042_3576171716\"><\/a> <span style=\"font-family: Times New Roman, serif;\"><span style=\"font-size: medium;\"><span style=\"font-family: Calibri, serif;\"><span style=\"font-size: small;\">Tietoja ei p\u00e4\u00e4s\u00e4\u00e4nt\u00f6isesti luovuteta markkinointitarkoituksiin Siltakyl\u00e4n viljelij\u00e4t ry<\/span><\/span><span style=\"color: #333333;\"><span style=\"font-family: Helvetica Neue, Helvetica, Arial, sans-serif;\"><span style=\"font-size: small;\">:n<\/span><\/span><\/span> <span style=\"font-family: Calibri, serif;\"><span style=\"font-size: small;\">ulkopuolelle.<\/span><\/span><span style=\"font-family: Calibri, serif;\"><span style=\"font-size: small;\"><br \/>\n<\/span><\/span><\/span><\/span><\/p>\n<p align=\"justify\"><span style=\"font-family: Times New Roman, serif;\"><span style=\"font-size: medium;\"><span style=\"font-family: Calibri, serif;\"><span style=\"font-size: large;\"><b>7. K\u00e4sittelyn kesto<\/b><\/span><\/span><\/span><\/span><\/p>\n<ul>\n<li><span style=\"font-family: Times New Roman, serif;\"><span style=\"font-size: medium;\"><span style=\"font-family: Calibri, serif;\"><span style=\"font-size: small;\">Henkil\u00f6tietoja k\u00e4sitell\u00e4\u00e4n\u00a0p\u00e4\u00e4s\u00e4\u00e4nt\u00f6isesti niin kauan, kuin j\u00e4senyys, yhteisty\u00f6kumppanuus tai muu sopimus on voimassa<\/span><\/span><span style=\"font-family: Calibri, serif;\"><span style=\"font-size: small;\">. Potenttiaaliset j\u00e4senet pysyv\u00e4t jonossa yhden vuoden ja voivat pyyt\u00e4\u00e4 sen j\u00e4lkeen paikkansa uusimista (oma paikka ei tipu kun uusii halukkuutensa)<\/span><\/span><\/span><\/span><\/li>\n<\/ul>\n<p><span style=\"font-family: Times New Roman, serif;\"><span style=\"font-size: medium;\"><span style=\"font-family: Calibri, serif;\"><span style=\"font-size: large;\"><b>8. Henkil\u00f6tietojen k\u00e4sittelij\u00e4t<\/b><\/span><\/span><\/span><\/span><\/p>\n<p><span style=\"font-family: Times New Roman, serif;\"><span style=\"font-size: medium;\"><span style=\"font-family: Calibri, serif;\"><span style=\"font-size: small;\"><br \/>\n<\/span><\/span><span style=\"font-family: Calibri, serif;\"><span style=\"font-size: small;\">Henkil\u00f6tietoja k\u00e4sittelee Siltakyl\u00e4n viljelij\u00e4t <\/span><\/span><span style=\"color: #333333;\"><span style=\"font-family: Helvetica Neue, Helvetica, Arial, sans-serif;\"><span style=\"font-size: small;\">ry:n hallitus. Lis\u00e4ksi kirjanpitotietoja k\u00e4sittelee hallituksen valitsema taloudenhoitaja ja hallituksen puheenjohtaja (tarvittaessa varapuheenjohtaja). <\/span><\/span><\/span><span style=\"font-family: Calibri, serif;\"><span style=\"font-size: small;\"><br \/>\n<\/span><\/span><\/span><\/span><\/p>\n<p><span style=\"font-family: Times New Roman, serif;\"><span style=\"font-size: medium;\"><span style=\"font-family: Calibri, serif;\"><span style=\"font-size: small;\">Rekisterinpit\u00e4j\u00e4 ja t\u00e4m\u00e4n ty\u00f6ntekij\u00e4t k\u00e4sittelev\u00e4t henkil\u00f6tietoja. Voimme my\u00f6s ulkoistaa henkil\u00f6tietojen k\u00e4sittelyn osittain kolmannelle osapuolelle, jolloin takaamme sopimusj\u00e4rjestelyin, ett\u00e4 henkil\u00f6tietoja k\u00e4sitell\u00e4\u00e4n voimassa olevan tietosuojalains\u00e4\u00e4d\u00e4nn\u00f6n mukaisesti ja muutoin asianmukaisesti.<\/span><\/span><span style=\"font-family: Calibri, serif;\"><span style=\"font-size: small;\"><br \/>\n<\/span><\/span><\/span><\/span><\/p>\n<p><span style=\"font-family: Times New Roman, serif;\"><span style=\"font-size: medium;\"><span style=\"font-family: Calibri, serif;\"><span style=\"font-size: large;\"><b>9. Tietojen siirto EU:n ulkopuolelle<\/b><\/span><\/span><\/span><\/span><\/p>\n<p><span style=\"font-family: Times New Roman, serif;\"><span style=\"font-size: medium;\"><span style=\"font-family: Calibri, serif;\"><span style=\"font-size: small;\">Henkil\u00f6tietoja ei siirret\u00e4 EU:n tai Euroopan talousalueen ulkopuolelle.<\/span><\/span><\/span><\/span><\/p>\n<p><span style=\"font-family: Times New Roman, serif;\"><span style=\"font-size: medium;\"><span style=\"font-family: Calibri, serif;\"><span style=\"font-size: large;\"><b>13.<\/b><\/span><\/span><b> <\/b><span style=\"font-family: Calibri, serif;\"><span style=\"font-size: large;\"><b>Automaattinen p\u00e4\u00e4t\u00f6ksenteko ja profilointi<\/b><\/span><\/span><\/span><\/span><\/p>\n<p><span style=\"font-family: Times New Roman, serif;\"><span style=\"font-size: medium;\"><span style=\"font-family: Calibri, serif;\"><span style=\"font-size: small;\">Emme k\u00e4yt\u00e4 tietoja automaattiseen p\u00e4\u00e4t\u00f6ksentekoon tai profilointiin.<\/span><\/span><\/span><\/span><\/p>\n<p><a href=\"http:\/\/www.siltakylanviljelijat.com\/wp-content\/uploads\/2022\/12\/Siltakylan-viljelijat-tietosuojaseloste.pdf\">Siltakyl\u00e4n viljelij\u00e4t tietosuojaseloste<\/a><\/p>\n","protected":false},"excerpt":{"rendered":"<p>Siltakyl\u00e4n viljelij\u00e4t ry tietosuojaseloste Rekisterinpit\u00e4j\u00e4ll\u00e4 on velvollisuus informoida selke\u00e4ll\u00e4 tavalla rekister\u00f6ityj\u00e4. T\u00e4m\u00e4 seloste t\u00e4ytt\u00e4\u00e4 tietosuoja-asetuksen mukaisen informointivelvoitteen. 1.Rekisterinpit\u00e4j\u00e4 Yrityksen nimi: Siltakyl\u00e4n viljelij\u00e4t ry y-tunnus: 3212089-1 Yhteystiedot:\u00a0 Osoite: Yhteystiedot rekisteri\u00e4 koskevissa asioissa Yrityksen \/ henkil\u00f6n nimi:\u00a0 osoite: postinumero\u00a0toimipaikka: puhelinnumero:\u00a0 s\u00e4hk\u00f6posti:\u00a0\u00a0 Tapauksen mukaan mahdollisen tietosuojavastaavan yhteystiedot: Tietosuojavastaava Yrityksen \/ henkil\u00f6n nimi:\u00a0 osoite: postinumero\u00a0toimipaikka: puhelinnumero:\u00a0 s\u00e4hk\u00f6posti:\u00a0 2. Rekister\u00f6idyt &#8230; <a title=\"Tietosuojaseloste\" class=\"read-more\" href=\"https:\/\/www.siltakylanviljelijat.com\/?page_id=39\" aria-label=\"Lis\u00e4\u00e4 Tietosuojaseloste\">Lue lis\u00e4\u00e4<\/a><\/p>\n","protected":false},"author":1,"featured_media":0,"parent":0,"menu_order":0,"comment_status":"closed","ping_status":"closed","template":"","meta":{"footnotes":""},"class_list":["post-39","page","type-page","status-publish"],"_links":{"self":[{"href":"https:\/\/www.siltakylanviljelijat.com\/index.php?rest_route=\/wp\/v2\/pages\/39","targetHints":{"allow":["GET"]}}],"collection":[{"href":"https:\/\/www.siltakylanviljelijat.com\/index.php?rest_route=\/wp\/v2\/pages"}],"about":[{"href":"https:\/\/www.siltakylanviljelijat.com\/index.php?rest_route=\/wp\/v2\/types\/page"}],"author":[{"embeddable":true,"href":"https:\/\/www.siltakylanviljelijat.com\/index.php?rest_route=\/wp\/v2\/users\/1"}],"replies":[{"embeddable":true,"href":"https:\/\/www.siltakylanviljelijat.com\/index.php?rest_route=%2Fwp%2Fv2%2Fcomments&post=39"}],"version-history":[{"count":5,"href":"https:\/\/www.siltakylanviljelijat.com\/index.php?rest_route=\/wp\/v2\/pages\/39\/revisions"}],"predecessor-version":[{"id":118,"href":"https:\/\/www.siltakylanviljelijat.com\/index.php?rest_route=\/wp\/v2\/pages\/39\/revisions\/118"}],"wp:attachment":[{"href":"https:\/\/www.siltakylanviljelijat.com\/index.php?rest_route=%2Fwp%2Fv2%2Fmedia&parent=39"}],"curies":[{"name":"wp","href":"https:\/\/api.w.org\/{rel}","templated":true}]}}